{"id":2162,"date":"2020-05-19T10:36:53","date_gmt":"2020-05-19T08:36:53","guid":{"rendered":"http:\/\/sercematki.eu\/?page_id=2162"},"modified":"2020-11-13T21:33:41","modified_gmt":"2020-11-13T20:33:41","slug":"dzien-33","status":"publish","type":"page","link":"http:\/\/sercematki.eu\/?page_id=2162","title":{"rendered":"33. Dzie\u0144 14. listopada 2020"},"content":{"rendered":"\t\t<div data-elementor-type=\"wp-page\" data-elementor-id=\"2162\" class=\"elementor elementor-2162\" data-elementor-settings=\"[]\">\n\t\t\t\t\t\t<div class=\"elementor-inner\">\n\t\t\t\t\t\t\t<div class=\"elementor-section-wrap\">\n\t\t\t\t\t\t\t<section class=\"elementor-section elementor-top-section elementor-element elementor-element-6d955d6 elementor-section-boxed elementor-section-height-default elementor-section-height-default\" data-id=\"6d955d6\" data-element_type=\"section\">\n\t\t\t\t\t\t<div class=\"elementor-container elementor-column-gap-default\">\n\t\t\t\t\t\t\t<div class=\"elementor-row\">\n\t\t\t\t\t<div class=\"elementor-column elementor-col-100 elementor-top-column elementor-element elementor-element-08ce7e5\" data-id=\"08ce7e5\" data-element_type=\"column\">\n\t\t\t<div class=\"elementor-column-wrap elementor-element-populated\">\n\t\t\t\t\t\t\t<div class=\"elementor-widget-wrap\">\n\t\t\t\t\t\t<div class=\"elementor-element elementor-element-0d03a8e elementor-widget elementor-widget-heading\" data-id=\"0d03a8e\" data-element_type=\"widget\" data-widget_type=\"heading.default\">\n\t\t\t\t<div class=\"elementor-widget-container\">\n\t\t\t<h2 class=\"elementor-heading-title elementor-size-default\">33. Dzie\u0144 14. listopada 2020<\/h2>\t\t<\/div>\n\t\t\t\t<\/div>\n\t\t\t\t<div class=\"elementor-element elementor-element-d10639b elementor-widget-divider--view-line elementor-widget elementor-widget-divider\" data-id=\"d10639b\" data-element_type=\"widget\" data-widget_type=\"divider.default\">\n\t\t\t\t<div class=\"elementor-widget-container\">\n\t\t\t\t\t<div class=\"elementor-divider\">\n\t\t\t<span class=\"elementor-divider-separator\">\n\t\t\t\t\t\t<\/span>\n\t\t<\/div>\n\t\t\t\t<\/div>\n\t\t\t\t<\/div>\n\t\t\t\t<div class=\"elementor-element elementor-element-c75a0ad elementor-invisible elementor-widget elementor-widget-text-editor\" data-id=\"c75a0ad\" data-element_type=\"widget\" data-settings=\"{&quot;_animation&quot;:&quot;pulse&quot;}\" data-widget_type=\"text-editor.default\">\n\t\t\t\t<div class=\"elementor-widget-container\">\n\t\t\t\t\t<div class=\"elementor-text-editor elementor-clearfix\"><h5><span style=\"font-weight: normal;\"><em>Wie\u017co z ko\u015bci s\u0142oniowej, m\u00f3dl si\u0119 za nami.<\/em><\/span><\/h5><\/div>\n\t\t\t\t<\/div>\n\t\t\t\t<\/div>\n\t\t\t\t<div class=\"elementor-element elementor-element-f376b5e elementor-widget elementor-widget-text-editor\" data-id=\"f376b5e\" data-element_type=\"widget\" data-widget_type=\"text-editor.default\">\n\t\t\t\t<div class=\"elementor-widget-container\">\n\t\t\t\t\t<div class=\"elementor-text-editor elementor-clearfix\"><p><b>S\u0142owo \u017bycia:<\/b><br \/>\u201eCzy jednak Syn Cz\u0142owieczy znajdzie wiar\u0119 na ziemi, gdy przyjdzie?\u201d (\u0141k 18, 8)<\/p><p><b>Ks. Mateusz: <\/b><br \/>Wie\u017ca z ko\u015bci s\u0142oniowej.<br \/>We wczesnym \u015bredniowieczu Naj\u015bwi\u0119tszy Sakrament przechowywano w puszce z ko\u015bci s\u0142oniowej w kszta\u0142cie wie\u017cy. <br \/>Maryja &#8211; od pocz\u0119cia z Ducha \u015awi\u0119tego &#8211; nosi\u0142a w sobie Cia\u0142o Chrystusa &#8211; prawdziwego Boga i prawdziwego Cz\u0142owieka. Serce Matki Niepokalanej nie mia\u0142o \u017cadnej zmazy, dlatego jako czysta i drogocenna Wie\u017ca z ko\u015bci s\u0142oniowej jest dla nas wzorem przyjmowania Jezusa w Komunii \u015awi\u0119tej. <br \/>Serce Matki jest wzorem Serca zjednoczonego z Synem. W czwartym tygodniu naszych rekolekcji chcemy szczeg\u00f3lnie prze\u017cywa\u0107 obrz\u0119d Komunii \u015awi\u0119tej. <br \/>Pro\u015bmy Matk\u0119 Bo\u017c\u0105, aby uczy\u0142a nas owocnego i \u015bwiadomego przyjmowania Chrystusa podczas Eucharystii, kt\u00f3ra daje \u017cycie.<\/p><p><b>Marek:<\/b><br \/>Kiedy w chwilach trudnych wiara stawia nam pytania o droge\u0328 ku przysz\u0142os\u0301ci, odpowiedzi udziela jej nadzieja, kt\u00f3ra rodzi sie\u0328 z autentycznego przekonania, z\u0307e Jezus z\u0307yje i nadal posiada bardzo wiele do zaproponowania. Jego przes\u0142anie nie wyczerpa\u0142o si\u0119 &#8211; nie sta\u0142o sie\u0328 mniej mistyczne niz\u0307 w chwilach, kiedy pocia\u0328gne\u0328\u0142o za soba\u0328 t\u0142umy nas\u0301ladowc\u00f3w. Dlatego prawdziwa wiara daje nam zawsze wizje\u0328 g\u0142e\u0328bi i szerokos\u0301ci spojrzenia na niegasn\u0105c\u0105 wszechmoc Boga. <br \/>Maryja uczy nas, \u017ce prawdziwe s\u0301wiadectwo o Chrystusie daje jedynie ten, kto wierzy, z\u0307e B\u00f3g jest wszechmocny i zdolny podnosic\u0301 upad\u0142ych na duchu, jest bowiem Bogiem z\u0307yja\u0328cym, nie umar\u0142ym!<br \/>Czy moja wiara pozwala spogla\u0328dac\u0301 mi na \u017cycie z takiego boskiego pu\u0142apu?<\/p><p><b>\u015aw. Jan Pawe\u0142 II:<\/b> \u201eMaryja jest T\u0105, kt\u00f3ra od momentu niepokalanego pocz\u0119cia najdoskonalej odzwierciedla Bo\u017ce pi\u0119kno. &lt;&lt;Ca\u0142a pi\u0119kna&gt;&gt; &#8211; tym imieniem wzywa J\u0105 Ko\u015bci\u00f3\u0142. &lt;&lt;Wi\u0119\u017a z Naj\u015bwi\u0119tsz\u0105 Maryj\u0105 Pann\u0105, kt\u00f3ra dla ka\u017cdego wiernego jest nast\u0119pstwem jego zjednoczenia z Chrystusem, uwydatnia si\u0119 jeszcze bardziej w \u017cyciu&gt;&gt;.&#8221; (Vita Conse-crata, 28)<\/p><p><b>ks. kard. Stefan Wyszy\u0144ski:<\/b> \u201eJeste\u015bmy \u015bwiadomi swoich praw, z kt\u00f3rych nie zrezygnujemy! My wype\u0142nimy wszystko, czego Polska i pa\u0144stwowa racja stanu od nas wymaga, ale chcemy, aby by\u0142y uszanowane nasze prawa osobowe, reli-gijne, narodowe i obywatelskie! Nie ma czego ba\u0107 si\u0119 ludzi wtedy, gdy si\u0119 modl\u0105, gdy wierz\u0105, gdy mi\u0142uj\u0105. Trzeba ba\u0107 si\u0119 ludi gdy przestan\u0105 si\u0119 modli\u0107 i gdy ju\u017c nie b\u0119d\u0105 mi\u0142owa\u0107. Tacy ludzie s\u0105 gro\u017ani.\u201d(Warszawa 1966 r.)<\/p><p><i>Zadanie rekolekcyjne:<\/i><br \/>Odm\u00f3w r\u00f3\u017caniec &#8211; najlepiej we wsp\u00f3lnocie.<\/p><p><i>\u0106wiczenie dodatkowe: <\/i><br \/>Pom\u00f3dl si\u0119 za zmar\u0142ych i ofiaruj odpust zupe\u0142ny.<\/p><\/div>\n\t\t\t\t<\/div>\n\t\t\t\t<\/div>\n\t\t\t\t<div class=\"elementor-element elementor-element-d10258d elementor-invisible elementor-widget elementor-widget-text-editor\" data-id=\"d10258d\" data-element_type=\"widget\" data-settings=\"{&quot;_animation&quot;:&quot;pulse&quot;}\" data-widget_type=\"text-editor.default\">\n\t\t\t\t<div class=\"elementor-widget-container\">\n\t\t\t\t\t<div class=\"elementor-text-editor elementor-clearfix\"><h2><a href=\"http:\/\/sercematki.eu\/wp-content\/uploads\/2020\/11\/SERCE-MATKI-_-dzien-33..pdf\" target=\"_blank\" rel=\"noopener\">SERCE MATKI rozwa\u017cania na 33. dzie\u0144 DO WYDRUKU<\/a><\/h2><\/div>\n\t\t\t\t<\/div>\n\t\t\t\t<\/div>\n\t\t\t\t<div class=\"elementor-element elementor-element-04ce95b elementor-aspect-ratio-169 elementor-widget elementor-widget-video\" data-id=\"04ce95b\" data-element_type=\"widget\" data-settings=\"{&quot;aspect_ratio&quot;:&quot;169&quot;}\" data-widget_type=\"video.default\">\n\t\t\t\t<div class=\"elementor-widget-container\">\n\t\t\t\t\t<div class=\"elementor-wrapper elementor-fit-aspect-ratio elementor-open-inline\">\n\t\t\t<iframe class=\"elementor-video-iframe\" allowfullscreen title=\"youtube Video Player\" src=\"https:\/\/www.youtube.com\/embed\/Pyg7kblKuQI?feature=oembed&amp;start&amp;end&amp;wmode=opaque&amp;loop=0&amp;controls=1&amp;mute=0&amp;rel=0&amp;modestbranding=0\"><\/iframe>\t\t<\/div>\n\t\t\t\t<\/div>\n\t\t\t\t<\/div>\n\t\t\t\t\t\t<\/div>\n\t\t\t\t\t<\/div>\n\t\t<\/div>\n\t\t\t\t\t\t\t\t<\/div>\n\t\t\t\t\t<\/div>\n\t\t<\/section>\n\t\t\t\t\t\t<\/div>\n\t\t\t\t\t\t<\/div>\n\t\t\t\t\t<\/div>\n\t\t","protected":false},"excerpt":{"rendered":"<p>33. Dzie\u0144 14. listopada 2020 Wie\u017co z ko\u015bci s\u0142oniowej, m\u00f3dl si\u0119 za nami. S\u0142owo \u017bycia:\u201eCzy jednak Syn Cz\u0142owieczy znajdzie wiar\u0119 na ziemi, gdy przyjdzie?\u201d (\u0141k 18, 8) Ks. Mateusz: Wie\u017ca z ko\u015bci s\u0142oniowej.We wczesnym \u015bredniowieczu Naj\u015bwi\u0119tszy Sakrament przechowywano w puszce z ko\u015bci s\u0142oniowej w kszta\u0142cie wie\u017cy. Maryja &#8211; od pocz\u0119cia z Ducha \u015awi\u0119tego &#8211; nosi\u0142a &hellip;<\/p>\n<p class=\"read-more\"> <a class=\"\" href=\"http:\/\/sercematki.eu\/?page_id=2162\"> <span class=\"screen-reader-text\">33. Dzie\u0144 14. listopada 2020<\/span> Read More &raquo;<\/a><\/p>\n","protected":false},"author":1,"featured_media":0,"parent":0,"menu_order":0,"comment_status":"closed","ping_status":"closed","template":"","meta":[],"yoast_head":"<!-- This site is optimized with the Yoast SEO plugin v15.0 - https:\/\/yoast.com\/wordpress\/plugins\/seo\/ -->\n<title>33. Dzie\u0144 14. listopada 2020 - sercematki.eu<\/title>\n<meta name=\"robots\" content=\"index, follow, max-snippet:-1, max-image-preview:large, max-video-preview:-1\" \/>\n<link rel=\"canonical\" href=\"http:\/\/sercematki.eu\/?page_id=2162\" \/>\n<meta property=\"og:locale\" content=\"pl_PL\" \/>\n<meta property=\"og:type\" content=\"article\" \/>\n<meta property=\"og:title\" content=\"33. Dzie\u0144 14. listopada 2020 - sercematki.eu\" \/>\n<meta property=\"og:description\" content=\"33. Dzie\u0144 14. listopada 2020 Wie\u017co z ko\u015bci s\u0142oniowej, m\u00f3dl si\u0119 za nami. S\u0142owo \u017bycia:\u201eCzy jednak Syn Cz\u0142owieczy znajdzie wiar\u0119 na ziemi, gdy przyjdzie?\u201d (\u0141k 18, 8) Ks. Mateusz: Wie\u017ca z ko\u015bci s\u0142oniowej.We wczesnym \u015bredniowieczu Naj\u015bwi\u0119tszy Sakrament przechowywano w puszce z ko\u015bci s\u0142oniowej w kszta\u0142cie wie\u017cy. Maryja &#8211; od pocz\u0119cia z Ducha \u015awi\u0119tego &#8211; nosi\u0142a &hellip; 33. Dzie\u0144 14. listopada 2020 Read More &raquo;\" \/>\n<meta property=\"og:url\" content=\"http:\/\/sercematki.eu\/?page_id=2162\" \/>\n<meta property=\"og:site_name\" content=\"sercematki.eu\" \/>\n<meta property=\"article:modified_time\" content=\"2020-11-13T20:33:41+00:00\" \/>\n<meta name=\"twitter:card\" content=\"summary_large_image\" \/>\n<script type=\"application\/ld+json\" class=\"yoast-schema-graph\">{\"@context\":\"https:\/\/schema.org\",\"@graph\":[{\"@type\":\"WebSite\",\"@id\":\"http:\/\/sercematki.eu\/#website\",\"url\":\"http:\/\/sercematki.eu\/\",\"name\":\"sercematki.eu\",\"description\":\"33 bicia serca\",\"potentialAction\":[{\"@type\":\"SearchAction\",\"target\":\"http:\/\/sercematki.eu\/?s={search_term_string}\",\"query-input\":\"required name=search_term_string\"}],\"inLanguage\":\"pl-PL\"},{\"@type\":\"WebPage\",\"@id\":\"http:\/\/sercematki.eu\/?page_id=2162#webpage\",\"url\":\"http:\/\/sercematki.eu\/?page_id=2162\",\"name\":\"33. Dzie\\u0144 14. listopada 2020 - sercematki.eu\",\"isPartOf\":{\"@id\":\"http:\/\/sercematki.eu\/#website\"},\"datePublished\":\"2020-05-19T08:36:53+00:00\",\"dateModified\":\"2020-11-13T20:33:41+00:00\",\"inLanguage\":\"pl-PL\",\"potentialAction\":[{\"@type\":\"ReadAction\",\"target\":[\"http:\/\/sercematki.eu\/?page_id=2162\"]}]}]}<\/script>\n<!-- \/ Yoast SEO plugin. -->","_links":{"self":[{"href":"http:\/\/sercematki.eu\/index.php?rest_route=\/wp\/v2\/pages\/2162"}],"collection":[{"href":"http:\/\/sercematki.eu\/index.php?rest_route=\/wp\/v2\/pages"}],"about":[{"href":"http:\/\/sercematki.eu\/index.php?rest_route=\/wp\/v2\/types\/page"}],"author":[{"embeddable":true,"href":"http:\/\/sercematki.eu\/index.php?rest_route=\/wp\/v2\/users\/1"}],"replies":[{"embeddable":true,"href":"http:\/\/sercematki.eu\/index.php?rest_route=%2Fwp%2Fv2%2Fcomments&post=2162"}],"version-history":[{"count":1,"href":"http:\/\/sercematki.eu\/index.php?rest_route=\/wp\/v2\/pages\/2162\/revisions"}],"predecessor-version":[{"id":3830,"href":"http:\/\/sercematki.eu\/index.php?rest_route=\/wp\/v2\/pages\/2162\/revisions\/3830"}],"wp:attachment":[{"href":"http:\/\/sercematki.eu\/index.php?rest_route=%2Fwp%2Fv2%2Fmedia&parent=2162"}],"curies":[{"name":"wp","href":"https:\/\/api.w.org\/{rel}","templated":true}]}}